{"id":1429,"date":"2026-02-16T16:27:56","date_gmt":"2026-02-16T16:27:56","guid":{"rendered":"https:\/\/estudiosmujer.xoc.uam.mx\/?page_id=1429"},"modified":"2026-02-17T20:13:39","modified_gmt":"2026-02-17T20:13:39","slug":"itza-amanda-varela-huerta","status":"publish","type":"page","link":"https:\/\/estudiosmujer.xoc.uam.mx\/?page_id=1429","title":{"rendered":"Itza Amanda Varela Huerta"},"content":{"rendered":"\n<figure class=\"wp-block-image size-full is-resized is-style-rounded\"><img loading=\"lazy\" decoding=\"async\" width=\"600\" height=\"600\" src=\"https:\/\/estudiosmujer.xoc.uam.mx\/wp-content\/uploads\/2026\/02\/Itza-Amanda-Varela-Huerta-Editada.jpg\" alt=\"\" class=\"wp-image-1430\" style=\"aspect-ratio:1;object-fit:contain;width:550px\" srcset=\"https:\/\/estudiosmujer.xoc.uam.mx\/wp-content\/uploads\/2026\/02\/Itza-Amanda-Varela-Huerta-Editada.jpg 600w, https:\/\/estudiosmujer.xoc.uam.mx\/wp-content\/uploads\/2026\/02\/Itza-Amanda-Varela-Huerta-Editada-300x300.jpg 300w, https:\/\/estudiosmujer.xoc.uam.mx\/wp-content\/uploads\/2026\/02\/Itza-Amanda-Varela-Huerta-Editada-150x150.jpg 150w\" sizes=\"auto, (max-width: 600px) 100vw, 600px\" \/><\/figure>\n\n\n\n<h2 class=\"wp-block-heading\"><strong>Grados acad\u00e9micos<\/strong><\/h2>\n\n\n\n<ul class=\"wp-block-list\">\n<li class=\"has-medium-font-size\" style=\"font-style:normal;font-weight:300\">Doctora en Ciencias Sociales (Universidad Aut\u00f3noma Metropolitana, Unidad Xochimilco).<\/li>\n\n\n\n<li class=\"has-medium-font-size\" style=\"font-style:normal;font-weight:300\">Maestra en Estudios Latinoamericanos (Universidad Nacional Aut\u00f3noma de M\u00e9xico).<\/li>\n\n\n\n<li class=\"has-medium-font-size\" style=\"font-style:normal;font-weight:300\">Licenciada en Comunicaci\u00f3n Social (Universidad Aut\u00f3noma Metropolitana, Unidad Xochimilco). <\/li>\n<\/ul>\n\n\n\n<h2 class=\"wp-block-heading\"><strong>\u00c1reas de investigaci\u00f3n<\/strong><\/h2>\n\n\n\n<ul class=\"wp-block-list\">\n<li class=\"has-medium-font-size\" style=\"font-style:normal;font-weight:300\">Cr\u00edtica poscolonial<\/li>\n\n\n\n<li class=\"has-medium-font-size\" style=\"font-style:normal;font-weight:300\">Estudios culturales feministas<\/li>\n\n\n\n<li class=\"has-medium-font-size\" style=\"font-style:normal;font-weight:300\">Metodolog\u00eda feminista interseccional<\/li>\n\n\n\n<li class=\"has-medium-font-size\" style=\"font-style:normal;font-weight:300\">Racismos y otredades<\/li>\n<\/ul>\n\n\n\n<h2 class=\"wp-block-heading\"><strong>Semblanza<\/strong><\/h2>\n\n\n\n<p class=\"has-text-align-left has-medium-font-size\" style=\"font-style:normal;font-weight:300\">Profesora-Investigadora en el Departamento de Educaci\u00f3n y Comunicaci\u00f3n de la Universidad Aut\u00f3noma Metropolitana Unidad Xochimilco (UAM-X). Entre 2020 y 2023 fue profesora-investigadora en el Centro de Estudios de G\u00e9nero de El Colegio de M\u00e9xico. Entre 2018 y 2020 fue investigadora posdoctoral en el Centro de Investigaciones y Estudios Superiores en Antropolog\u00eda Social (CIESAS)-Pac\u00edfico Sur en la ciudad de Oaxaca. Ha impartido clases en la UABJO, el CIESAS, El Colegio de M\u00e9xico y la UACM. Colabor\u00f3 profesionalmente como redactora y reportera en el diario mexicano La Jornada de 2005 a 2012 y en el Centro de Derechos Humanos Miguel Agust\u00edn Pro Ju\u00e1rez como estratega de comunicaci\u00f3n para los derechos humanos. <\/p>\n\n\n\n<p class=\"has-text-align-left has-medium-font-size\" style=\"font-style:normal;font-weight:300\">Es Investigadora Nacional Nivel I del SNII. Cuenta con perfil PRODEP. <\/p>\n\n\n\n<p class=\"has-text-align-left has-medium-font-size\" style=\"font-style:normal;font-weight:300\"><a href=\"https:\/\/orcid.org\/0000-0003-3160-7481\" target=\"_blank\" rel=\"noreferrer noopener\">Perfil de ORCID<\/a><\/p>\n","protected":false},"excerpt":{"rendered":"<p>Grados acad\u00e9micos \u00c1reas de investigaci\u00f3n Semblanza Profesora-Investigadora en el Departamento de Educaci\u00f3n y Comunicaci\u00f3n de la Universidad Aut\u00f3noma Metropolitana Unidad Xochimilco (UAM-X). Entre 2020 y 2023 fue profesora-investigadora en el Centro de Estudios de G\u00e9nero de El Colegio de M\u00e9xico. Entre 2018 y 2020 fue investigadora posdoctoral en el Centro de Investigaciones y Estudios Superiores [&hellip;]<\/p>\n","protected":false},"author":1,"featured_media":0,"parent":0,"menu_order":0,"comment_status":"closed","ping_status":"closed","template":"","meta":{"footnotes":""},"class_list":["post-1429","page","type-page","status-publish","hentry"],"_links":{"self":[{"href":"https:\/\/estudiosmujer.xoc.uam.mx\/index.php?rest_route=\/wp\/v2\/pages\/1429","targetHints":{"allow":["GET"]}}],"collection":[{"href":"https:\/\/estudiosmujer.xoc.uam.mx\/index.php?rest_route=\/wp\/v2\/pages"}],"about":[{"href":"https:\/\/estudiosmujer.xoc.uam.mx\/index.php?rest_route=\/wp\/v2\/types\/page"}],"author":[{"embeddable":true,"href":"https:\/\/estudiosmujer.xoc.uam.mx\/index.php?rest_route=\/wp\/v2\/users\/1"}],"replies":[{"embeddable":true,"href":"https:\/\/estudiosmujer.xoc.uam.mx\/index.php?rest_route=%2Fwp%2Fv2%2Fcomments&post=1429"}],"version-history":[{"count":5,"href":"https:\/\/estudiosmujer.xoc.uam.mx\/index.php?rest_route=\/wp\/v2\/pages\/1429\/revisions"}],"predecessor-version":[{"id":1562,"href":"https:\/\/estudiosmujer.xoc.uam.mx\/index.php?rest_route=\/wp\/v2\/pages\/1429\/revisions\/1562"}],"wp:attachment":[{"href":"https:\/\/estudiosmujer.xoc.uam.mx\/index.php?rest_route=%2Fwp%2Fv2%2Fmedia&parent=1429"}],"curies":[{"name":"wp","href":"https:\/\/api.w.org\/{rel}","templated":true}]}}