{"id":1410,"date":"2026-02-16T16:27:16","date_gmt":"2026-02-16T16:27:16","guid":{"rendered":"https:\/\/estudiosmujer.xoc.uam.mx\/?page_id=1410"},"modified":"2026-02-18T20:12:41","modified_gmt":"2026-02-18T20:12:41","slug":"carolina-pelaez-gonzalez","status":"publish","type":"page","link":"https:\/\/estudiosmujer.xoc.uam.mx\/?page_id=1410","title":{"rendered":"Carolina Pel\u00e1ez Gonz\u00e1lez"},"content":{"rendered":"\n<figure class=\"wp-block-image size-full is-resized is-style-rounded\"><img loading=\"lazy\" decoding=\"async\" width=\"572\" height=\"572\" src=\"https:\/\/estudiosmujer.xoc.uam.mx\/wp-content\/uploads\/2026\/02\/Carolina-e1770084782877.jpg\" alt=\"\" class=\"wp-image-1411\" style=\"aspect-ratio:1;object-fit:contain;width:550px\" srcset=\"https:\/\/estudiosmujer.xoc.uam.mx\/wp-content\/uploads\/2026\/02\/Carolina-e1770084782877.jpg 572w, https:\/\/estudiosmujer.xoc.uam.mx\/wp-content\/uploads\/2026\/02\/Carolina-e1770084782877-300x300.jpg 300w, https:\/\/estudiosmujer.xoc.uam.mx\/wp-content\/uploads\/2026\/02\/Carolina-e1770084782877-150x150.jpg 150w\" sizes=\"auto, (max-width: 572px) 100vw, 572px\" \/><\/figure>\n\n\n\n<div class=\"wp-block-group has-medium-font-size\"><div class=\"wp-block-group__inner-container is-layout-constrained wp-block-group-is-layout-constrained\">\n<h2 class=\"wp-block-heading\"><strong>Grados acad\u00e9micos<\/strong><\/h2>\n\n\n\n<ul class=\"wp-block-list\">\n<li class=\"has-medium-font-size\" style=\"font-style:normal;font-weight:300\">Doctora en Ciencia Social con especialidad en Sociolog\u00eda (El Colegio de M\u00e9xico)<\/li>\n\n\n\n<li class=\"has-medium-font-size\" style=\"font-style:normal;font-weight:300\">Maestra en Estudios de G\u00e9nero (El Colegio de M\u00e9xico)<\/li>\n\n\n\n<li class=\"has-medium-font-size\" style=\"font-style:normal;font-weight:300\">Licenciada en Sociolog\u00eda (Universidad Nacional Aut\u00f3noma de M\u00e9xico)<\/li>\n<\/ul>\n<\/div><\/div>\n\n\n\n<div class=\"wp-block-group\"><div class=\"wp-block-group__inner-container is-layout-constrained wp-block-group-is-layout-constrained\">\n<h2 class=\"wp-block-heading\"><strong>\u00c1reas de investigaci\u00f3n<\/strong><\/h2>\n\n\n\n<ul class=\"wp-block-list\">\n<li class=\"has-medium-font-size\" style=\"font-style:normal;font-weight:300\">Medio ambiente y feminismo poshumanista<\/li>\n\n\n\n<li class=\"has-medium-font-size\" style=\"font-style:normal;font-weight:300\">G\u00e9nero, trabajo y mercados laborales<\/li>\n\n\n\n<li class=\"has-medium-font-size\" style=\"font-style:normal;font-weight:300\">G\u00e9nero y econom\u00edas costeras<\/li>\n\n\n\n<li class=\"has-medium-font-size\" style=\"font-style:normal;font-weight:300\">Relaciones de g\u00e9nero y desigualdades sociales<\/li>\n\n\n\n<li class=\"has-medium-font-size\" style=\"font-style:normal;font-weight:300\">Sociolog\u00eda de las emociones y los sentidos<\/li>\n<\/ul>\n<\/div><\/div>\n\n\n\n<div class=\"wp-block-group\"><div class=\"wp-block-group__inner-container is-layout-constrained wp-block-group-is-layout-constrained\">\n<h2 class=\"wp-block-heading\"><strong>Semblanza<\/strong><\/h2>\n\n\n\n<p class=\"has-medium-font-size\" style=\"font-style:normal;font-weight:300\">Desde 2018 es Profesora Asociada de Tiempo Completo en la UAM Xochimilco y Jefa de \u00c1rea de Investigaci\u00f3n de Estudios del Trabajo del Departamento de Relaciones Sociales. Es integrante del n\u00facleo acad\u00e9mico b\u00e1sico de la Maestr\u00eda en Estudios de la Mujer.  <\/p>\n\n\n\n<p class=\"has-medium-font-size\" style=\"font-style:normal;font-weight:300\">Integrante del Sistema Nacional de Investigadoras e Investigadores Nivel I. Cuenta con Perfil PRODEP.<\/p>\n\n\n\n<p class=\"has-medium-font-size\" style=\"font-style:normal;font-weight:300\">Entre sus publicaciones recientes destacan: <\/p>\n\n\n\n<ul class=\"wp-block-list\">\n<li class=\"has-medium-font-size\" style=\"font-style:normal;font-weight:300\">Edith Flores P\u00e9rez y Carolina Pel\u00e1ez Gonz\u00e1lez (2023) Introducci\u00f3n al dossier \u201cEl movimiento feminista en M\u00e9xico ante la pandemia por Covid-19\u201d, Bolet\u00edn Onteaiken, n\u00famero 35, CIES, Argentina<\/li>\n\n\n\n<li class=\"has-medium-font-size\" style=\"font-style:normal;font-weight:300\">Carolina Pel\u00e1ez Gonz\u00e1lez (2023) \u201cSensibilidades mar\u00edtimas. Habitar el mar desde el cuerpo\/emoci\u00f3n y lo no-humano del trabajo de la pesca del camar\u00f3n\u201d en Experiencias y sensibilidades urbanas. Miradas plurales, en perspectiva sociol\u00f3gica, Coor. Ana Luc\u00eda Cervio. Ciudad Aut\u00f3noma de Buenos Aires. Estudios Sociol\u00f3gicos, 2023<\/li>\n\n\n\n<li class=\"has-medium-font-size\" style=\"font-style:normal;font-weight:300\">Carolina Pel\u00e1ez Gonz\u00e1lez y Carlos Garc\u00eda Villanueva (2024) \u201cPrecariedad, segregaci\u00f3n y mecanismo de entrada al trabajo de promoci\u00f3n de ventas y modelos en M\u00e9xico\u201d, Revista Veredas; Revista del pensamiento sociol\u00f3gico en la Universidad Aut\u00f3noma Metropolitana, n\u00famero 45, enero<\/li>\n\n\n\n<li class=\"has-medium-font-size\" style=\"font-style:normal;font-weight:300\">Pel\u00e1ez Gonz\u00e1lez, Carolina (2022) \u201cEmotional Narratives and Educational Experiences During the COVID-19 Pandemic: The Case of UAM Students\u201d, Cambridge Scholars Publishing. Ciudad: Londres. Cap\u00edtulo: Cuatro; Carolina Pel\u00e1ez Gonz\u00e1lez (2022) \u201cContra viento y marea: an\u00e1lisis de controversias en la pesca industrial del camar\u00f3n\u201d, El Colegio de M\u00e9xico<\/li>\n\n\n\n<li class=\"has-medium-font-size\" style=\"font-style:normal;font-weight:300\">Edith Flores y Carolina P\u00e9rez (2022) \u201cEl muro de la memoria 8M 2021. Est\u00e9ticas Colectivas, Afectos y Cuerpos en Resistencia\u201d. Publicaci\u00f3n:Revista Latinoamericana de Estudios sobre Cuerpos, Emociones y Sociedad, N\u00famero 40<\/li>\n\n\n\n<li class=\"has-medium-font-size\" style=\"font-style:normal;font-weight:300\">Carolina Pel\u00e1ez y Edith Flores (2022). \u201cUn an\u00e1lisis desde el cuerpo, las emociones y los sentidos de la organizaci\u00f3n de colectivas feministas en M\u00e9xico\u201d. Revista Interdisciplinaria de Estudios de G\u00e9nero de El Colegio de M\u00e9xico. <\/li>\n<\/ul>\n\n\n\n<p class=\"has-medium-font-size\" style=\"font-style:normal;font-weight:300\">Ha dirigido tesis en diferentes niveles educativos: 10 de licenciatura y 1 doctoral.<\/p>\n\n\n\n<p class=\"has-medium-font-size\" style=\"font-style:normal;font-weight:500\"><a href=\"https:\/\/uam-xochimilco.academia.edu\/CarolinaPel%C3%A1ezGonz%C3%A1lez\" target=\"_blank\" rel=\"noreferrer noopener\"><\/a><a href=\"https:\/\/uam-xochimilco.academia.edu\/CarolinaPel%C3%A1ezGonz%C3%A1lez\" data-type=\"link\" data-id=\"https:\/\/uam-xochimilco.academia.edu\/CarolinaPel%C3%A1ezGonz%C3%A1lez\" target=\"_blank\" rel=\"noreferrer noopener\">Perfil de Academia.edu<\/a><\/p>\n<\/div><\/div>\n","protected":false},"excerpt":{"rendered":"<p>Grados acad\u00e9micos \u00c1reas de investigaci\u00f3n Semblanza Desde 2018 es Profesora Asociada de Tiempo Completo en la UAM Xochimilco y Jefa de \u00c1rea de Investigaci\u00f3n de Estudios del Trabajo del Departamento de Relaciones Sociales. Es integrante del n\u00facleo acad\u00e9mico b\u00e1sico de la Maestr\u00eda en Estudios de la Mujer. Integrante del Sistema Nacional de Investigadoras e Investigadores [&hellip;]<\/p>\n","protected":false},"author":1,"featured_media":0,"parent":0,"menu_order":0,"comment_status":"closed","ping_status":"closed","template":"","meta":{"footnotes":""},"class_list":["post-1410","page","type-page","status-publish","hentry"],"_links":{"self":[{"href":"https:\/\/estudiosmujer.xoc.uam.mx\/index.php?rest_route=\/wp\/v2\/pages\/1410","targetHints":{"allow":["GET"]}}],"collection":[{"href":"https:\/\/estudiosmujer.xoc.uam.mx\/index.php?rest_route=\/wp\/v2\/pages"}],"about":[{"href":"https:\/\/estudiosmujer.xoc.uam.mx\/index.php?rest_route=\/wp\/v2\/types\/page"}],"author":[{"embeddable":true,"href":"https:\/\/estudiosmujer.xoc.uam.mx\/index.php?rest_route=\/wp\/v2\/users\/1"}],"replies":[{"embeddable":true,"href":"https:\/\/estudiosmujer.xoc.uam.mx\/index.php?rest_route=%2Fwp%2Fv2%2Fcomments&post=1410"}],"version-history":[{"count":6,"href":"https:\/\/estudiosmujer.xoc.uam.mx\/index.php?rest_route=\/wp\/v2\/pages\/1410\/revisions"}],"predecessor-version":[{"id":1566,"href":"https:\/\/estudiosmujer.xoc.uam.mx\/index.php?rest_route=\/wp\/v2\/pages\/1410\/revisions\/1566"}],"wp:attachment":[{"href":"https:\/\/estudiosmujer.xoc.uam.mx\/index.php?rest_route=%2Fwp%2Fv2%2Fmedia&parent=1410"}],"curies":[{"name":"wp","href":"https:\/\/api.w.org\/{rel}","templated":true}]}}